{"id":5,"date":"2021-05-21T11:47:08","date_gmt":"2021-05-21T09:47:08","guid":{"rendered":"http:\/\/www.hotelcapinerarimini.it\/?page_id=5"},"modified":"2026-02-24T17:21:27","modified_gmt":"2026-02-24T16:21:27","slug":"home","status":"publish","type":"page","link":"https:\/\/www.hotelcapinerarimini.it\/de\/","title":{"rendered":"Startseite"},"content":{"rendered":"<section class=\"wao-blocks-container container-fluid mb-2\"\n\t\t>\n    \n<div class=\"wao-blocks-row row\" >\n    \n\n<div class=\"col-12 col-md-12 p-0 position-relative\"\n     \n\t \n\t>\n        \n <div class=\"js--lazy-load position-relative box-video\">\n       <div class=\"w-100 position-absolute z-index-10 gradient-video\"><\/div>\n       <article class=\"l--position-relative\" style=\"min-height:400px;\">\n<div class=\"video-container z-index-5 sf-home\">\n      <iframe src=\"https:\/\/player.vimeo.com\/video\/1166715406?autoplay=1&loop=1&autopause=0&background=1\" frameborder=\"0\" allow=\"autoplay; fullscreen; picture-in-picture; clipboard-write\" title=\"Hotel Capinera\" class=\"d-block z-index-6\"><\/iframe>\n      <script src=\"https:\/\/player.vimeo.com\/api\/player.js\"><\/script>   \n    <\/div>\n    <div class=\"position-absolute l--left l--top w-100 h-100 d-none d-lg-flex align-items-center p-5 g--gradient-01 \">\n      <div class=\"\" style=\"margin-left:150px;\">\n\n\n<div class=\"wao-blocks-immagine-src mb-3\" \n    >\n                    <img decoding=\"async\" src=\"https:\/\/www.hotelcapinerarimini.it\/wp-content\/uploads\/2022\/06\/logo.png\"  class=\"img-fluid\"  alt=\"logo\">\n    <\/div>\n\n\n<p class=\"text-white h3\">La tua vacanza a Rimini<\/p>\n\n\n               <\/div>\n            <\/div>\n      <\/article>\n<\/div>\n    <\/div>\n<\/div>\n<\/section>\n\n<section class=\"wao-blocks-container container-fluid mb-0\"\n\t\t>\n    \n<div class=\"wao-blocks-row row\" >\n    \n\n<div class=\"col-12 col-md-12\"\n     \n\t \n\t>\n        \n<div class=\"mx-auto p-5\" style=\"max-width:1280px;\">\n\n\n<h1 class=\"wp-block-heading has-text-align-left\">Benvenuto all\u2019Hotel Capinera<\/h1>\n\n\n\n<h3 class=\"wp-block-heading has-text-align-left mb-4\">La tua felicit\u00e0 al primo posto<\/h3>\n\n\n\n<p class=\"has-text-align-left\">All\u2019Hotel Capinera di Rimini verrai subito travolto dalla simpatia e la gentilezza squisita di <strong>Sara e Andrea<\/strong>. Con alle spalle pi\u00f9 di 40 anni di gestione familiare, l\u2019<strong>ospitalit\u00e0 romagnola<\/strong> scorre nelle loro vene e il loro intento \u00e8 quello di vedere il sorriso stampato sul tuo volto durante tutto il soggiorno. L\u2019ottima <strong>posizione centrale<\/strong> di cui gode l\u2019hotel permette di raggiungere la<strong> spiaggia in 2 minuti<\/strong> a piedi e di usufruire di <strong>10 km di lungomare pedonale<\/strong> per lunghe passeggiate rigeneranti e pedalate in bicicletta.<\/p>\n\n\n<\/div>\n    <\/div>\n<\/div>\n<\/section>\n\n<section class=\"wao-blocks-container container-fluid mb-0 g--bkg-dark-03\"\n\t\t>\n    \n<div class=\"wao-blocks-row row\" >\n    \n\n<div class=\"col-12 col-md-12\"\n     \n\t \n\t>\n        \n<div class=\"mx-auto p-5\" style=\"max-width:1280px;\">\n\n\n<p class=\"pb-4 h2 display-3\">Le nostre migliori Offerte per l'estate<\/p>\n\n\n\n\t\n\t\t<div class=\"wao-blocks-offerte-slider-v1\">\n\n\t\t\t\t\t<!-- controllo Slide  -->\n\t\t\t\t\t<div class=\"js--slider \" data-arrows=\"false\" data-dots=\"true\" data-autoplay=\"true\" data-slidesToShow=\"3\" data-slidesToShowSM=\"1\" data-slidesToShowXS=\"1\">\n\t\t\t\t\t\t<!-- ciclo di ogni offerta -->\n\t\t\t\t\n<div class=\"mx-auto\">\n<div class=\"g--bkg-light-01 m-2 h-100 border-3 g--b-c-02 max-w-400\">\n    <!-- contenitore immagine -->\n    <div class=\"mx-auto l--position-relative barret-140348\" style=\"background-size: cover; height: 200px; overflow:hidden;\">\n    \t<!-- inizio timer -->\n\t\t<div class=\"hidden-xl-down g--bkg-light-04 l--position-absolute l--top l--right p-2 text-primary timer l--b-a-1 border g--b-c-03\" style=\"z-index:800!important;\" id=\"timer_140348\">\n\t\t\t<div class=\"text-sm-center text-primary font-weight-bold text-uppercase\">L'offerta scade fra<\/div>\n\t\t\t<div class=\"\" style=\"display:flex\">\n\t\t\t\t<div class=\"p-2 g--bkg-light-01 m-1\">\n\t\t\t\t\t<span class=\"days\"><\/span> <span class=\"text-small\">gg<\/span>\n\t\t\t\t<\/div>\n\t\t\t\t<div class=\"p-2 g--bkg-light-01 m-1\">\n\t\t\t\t\t<span class=\"hours\"><\/span> <span class=\"text-small\">hh<\/span>\n\t\t\t\t<\/div>\n\t\t\t\t<div class=\"p-2 g--bkg-light-01 m-1\">\n\t\t\t\t\t<span class=\"minutes\"><\/span> <span class=\"text-small\">mm<\/span>\n\t\t\t\t<\/div>\n\t\t\t\t<div class=\"p-2 g--bkg-light-01 m-1\">\n\t\t\t\t\t<span class=\"seconds\"><\/span> <span class=\"text-small\">ss<\/span>\n\t\t\t\t<\/div>\n\t\t\t<\/div>\n\t\t<\/div>\n\t\t<script type=\"text\/javascript\">setTimeout(function(){ CountDownOfferte('05\/05\/2026', 'timer_140348'); }, 5000); BkgImgOfferta('https:\/\/static.adriasonline.it\/barret\/make\/offerte\/2272\/dettaglio\/img_140347.jpg?w=380&h=200&q=80&fit=crop', '140348', 'cover');<\/script>\n    \t<!-- fine timer -->\n\n    <\/div>\n    <!-- fine contenitore immagine -->\n    <!-- contenitore testi cBox2 -->\n    <div class=\"text-center p-4 position-relative\">\n        <!-- contenitore titolo -->\n       \n       <div style=\"min-height:60px;\">\n\t   \t<a href=\"https:\/\/www.hotelcapinerarimini.it\/de\/offerte\/offerta-ponti-primaverili-140347.php\" class=\"text-primary font-weight-bold\">25. April und 1. Mai: Br\u00fcckenangebot!<\/a>\n\t   <\/div>\n        \n        <!-- contenitore date -->\n        <div class=\"text-tertiary\"><span>dal 30.04.2026 al 05.05.2026<\/span><\/div>\n        <!-- fine contenitore date -->\n        <!-- contenitore prezzo -->\n       <hr class=\"hr-01\">\n\t\t<div class=\"\" style=\"min-height:50px;\">  <span class=\"h2\">33&euro;<\/span><\/div>\n       \n        <!-- fine contenitore prezzo -->\n        <!-- contenitore bottone -->\n        <div class=\"position-absolute l--bottom z-index-10\" style=\"margin-bottom:-20px;\">\n            <a class=\"btn btn-primary rounded-0 text-uppercase pb-2 \" href=\"https:\/\/www.hotelcapinerarimini.it\/de\/offerte\/offerta-ponti-primaverili-140347.php\" title=\"25. April und 1. Mai: Br\u00fcckenangebot!\">scopri di pi\u00f9<\/a>\n        <\/div>\n        <!-- fine contenitore bottone -->\n    <\/div>\n    <!-- fine contenitore testi cBox2 -->\n<\/div>\n<\/div>\n\n<div class=\"mx-auto\">\n<div class=\"g--bkg-light-01 m-2 h-100 border-3 g--b-c-02 max-w-400\">\n    <!-- contenitore immagine -->\n    <div class=\"mx-auto l--position-relative barret-151785\" style=\"background-size: cover; height: 200px; overflow:hidden;\">\n    \t<!-- inizio timer -->\n\t\t<div class=\"hidden-xl-down g--bkg-light-04 l--position-absolute l--top l--right p-2 text-primary timer l--b-a-1 border g--b-c-03\" style=\"z-index:800!important;\" id=\"timer_151785\">\n\t\t\t<div class=\"text-sm-center text-primary font-weight-bold text-uppercase\">L'offerta scade fra<\/div>\n\t\t\t<div class=\"\" style=\"display:flex\">\n\t\t\t\t<div class=\"p-2 g--bkg-light-01 m-1\">\n\t\t\t\t\t<span class=\"days\"><\/span> <span class=\"text-small\">gg<\/span>\n\t\t\t\t<\/div>\n\t\t\t\t<div class=\"p-2 g--bkg-light-01 m-1\">\n\t\t\t\t\t<span class=\"hours\"><\/span> <span class=\"text-small\">hh<\/span>\n\t\t\t\t<\/div>\n\t\t\t\t<div class=\"p-2 g--bkg-light-01 m-1\">\n\t\t\t\t\t<span class=\"minutes\"><\/span> <span class=\"text-small\">mm<\/span>\n\t\t\t\t<\/div>\n\t\t\t\t<div class=\"p-2 g--bkg-light-01 m-1\">\n\t\t\t\t\t<span class=\"seconds\"><\/span> <span class=\"text-small\">ss<\/span>\n\t\t\t\t<\/div>\n\t\t\t<\/div>\n\t\t<\/div>\n\t\t<script type=\"text\/javascript\">setTimeout(function(){ CountDownOfferte('18\/05\/2026', 'timer_151785'); }, 5000); BkgImgOfferta('https:\/\/static.adriasonline.it\/barret\/make\/offerte\/2272\/dettaglio\/img_151784.png?w=380&h=200&q=80&fit=crop', '151785', 'cover');<\/script>\n    \t<!-- fine timer -->\n\n    <\/div>\n    <!-- fine contenitore immagine -->\n    <!-- contenitore testi cBox2 -->\n    <div class=\"text-center p-4 position-relative\">\n        <!-- contenitore titolo -->\n       \n       <div style=\"min-height:60px;\">\n\t   \t<a href=\"https:\/\/www.hotelcapinerarimini.it\/de\/offerte\/raduno-nazionale-arma-dei-carabinieri-2026-a-rimini-con-hotel-capinera-151784.php\" class=\"text-primary font-weight-bold\">Carabinieri-Nationalversammlung 2026 in Rimini mit Hotel Capinera<\/a>\n\t   <\/div>\n        \n        <!-- contenitore date -->\n        <div class=\"text-tertiary\"><span>dal 14.05.2026 al 18.05.2026<\/span><\/div>\n        <!-- fine contenitore date -->\n        <!-- contenitore prezzo -->\n       <hr class=\"hr-01\">\n\t\t<div class=\"\" style=\"min-height:50px;\"> Prezzi personalizzati<\/div>\n       \n        <!-- fine contenitore prezzo -->\n        <!-- contenitore bottone -->\n        <div class=\"position-absolute l--bottom z-index-10\" style=\"margin-bottom:-20px;\">\n            <a class=\"btn btn-primary rounded-0 text-uppercase pb-2 \" href=\"https:\/\/www.hotelcapinerarimini.it\/de\/offerte\/raduno-nazionale-arma-dei-carabinieri-2026-a-rimini-con-hotel-capinera-151784.php\" title=\"Carabinieri-Nationalversammlung 2026 in Rimini mit Hotel Capinera\">scopri di pi\u00f9<\/a>\n        <\/div>\n        <!-- fine contenitore bottone -->\n    <\/div>\n    <!-- fine contenitore testi cBox2 -->\n<\/div>\n<\/div>\n\n<div class=\"mx-auto\">\n<div class=\"g--bkg-light-01 m-2 h-100 border-3 g--b-c-02 max-w-400\">\n    <!-- contenitore immagine -->\n    <div class=\"mx-auto l--position-relative barret-142182\" style=\"background-size: cover; height: 200px; overflow:hidden;\">\n    \t<!-- inizio timer -->\n\t\t<div class=\"hidden-xl-down g--bkg-light-04 l--position-absolute l--top l--right p-2 text-primary timer l--b-a-1 border g--b-c-03\" style=\"z-index:800!important;\" id=\"timer_142182\">\n\t\t\t<div class=\"text-sm-center text-primary font-weight-bold text-uppercase\">L'offerta scade fra<\/div>\n\t\t\t<div class=\"\" style=\"display:flex\">\n\t\t\t\t<div class=\"p-2 g--bkg-light-01 m-1\">\n\t\t\t\t\t<span class=\"days\"><\/span> <span class=\"text-small\">gg<\/span>\n\t\t\t\t<\/div>\n\t\t\t\t<div class=\"p-2 g--bkg-light-01 m-1\">\n\t\t\t\t\t<span class=\"hours\"><\/span> <span class=\"text-small\">hh<\/span>\n\t\t\t\t<\/div>\n\t\t\t\t<div class=\"p-2 g--bkg-light-01 m-1\">\n\t\t\t\t\t<span class=\"minutes\"><\/span> <span class=\"text-small\">mm<\/span>\n\t\t\t\t<\/div>\n\t\t\t\t<div class=\"p-2 g--bkg-light-01 m-1\">\n\t\t\t\t\t<span class=\"seconds\"><\/span> <span class=\"text-small\">ss<\/span>\n\t\t\t\t<\/div>\n\t\t\t<\/div>\n\t\t<\/div>\n\t\t<script type=\"text\/javascript\">setTimeout(function(){ CountDownOfferte('30\/05\/2026', 'timer_142182'); }, 5000); BkgImgOfferta('https:\/\/static.adriasonline.it\/barret\/make\/offerte\/2272\/dettaglio\/img_142181.jpg?w=380&h=200&q=80&fit=crop', '142182', 'cover');<\/script>\n    \t<!-- fine timer -->\n\n    <\/div>\n    <!-- fine contenitore immagine -->\n    <!-- contenitore testi cBox2 -->\n    <div class=\"text-center p-4 position-relative\">\n        <!-- contenitore titolo -->\n       \n       <div style=\"min-height:60px;\">\n\t   \t<a href=\"https:\/\/www.hotelcapinerarimini.it\/de\/offerte\/inizio-agosto-al-prezzo-di-luglio-142181.php\" class=\"text-primary font-weight-bold\">AUGUST Blaue Woche 4-11 August<\/a>\n\t   <\/div>\n        \n        <!-- contenitore date -->\n        <div class=\"text-tertiary\"><span>dal 23.05.2026 al 30.05.2026<\/span><\/div>\n        <!-- fine contenitore date -->\n        <!-- contenitore prezzo -->\n       <hr class=\"hr-01\">\n\t\t<div class=\"\" style=\"min-height:50px;\">  <span class=\"h2\">419&euro;<\/span><\/div>\n       \n        <!-- fine contenitore prezzo -->\n        <!-- contenitore bottone -->\n        <div class=\"position-absolute l--bottom z-index-10\" style=\"margin-bottom:-20px;\">\n            <a class=\"btn btn-primary rounded-0 text-uppercase pb-2 \" href=\"https:\/\/www.hotelcapinerarimini.it\/de\/offerte\/inizio-agosto-al-prezzo-di-luglio-142181.php\" title=\"AUGUST Blaue Woche 4-11 August\">scopri di pi\u00f9<\/a>\n        <\/div>\n        <!-- fine contenitore bottone -->\n    <\/div>\n    <!-- fine contenitore testi cBox2 -->\n<\/div>\n<\/div>\n\n<div class=\"mx-auto\">\n<div class=\"g--bkg-light-01 m-2 h-100 border-3 g--b-c-02 max-w-400\">\n    <!-- contenitore immagine -->\n    <div class=\"mx-auto l--position-relative barret-118879\" style=\"background-size: cover; height: 200px; overflow:hidden;\">\n    \t<!-- inizio timer -->\n\t\t<div class=\"hidden-xl-down g--bkg-light-04 l--position-absolute l--top l--right p-2 text-primary timer l--b-a-1 border g--b-c-03\" style=\"z-index:800!important;\" id=\"timer_118879\">\n\t\t\t<div class=\"text-sm-center text-primary font-weight-bold text-uppercase\">L'offerta scade fra<\/div>\n\t\t\t<div class=\"\" style=\"display:flex\">\n\t\t\t\t<div class=\"p-2 g--bkg-light-01 m-1\">\n\t\t\t\t\t<span class=\"days\"><\/span> <span class=\"text-small\">gg<\/span>\n\t\t\t\t<\/div>\n\t\t\t\t<div class=\"p-2 g--bkg-light-01 m-1\">\n\t\t\t\t\t<span class=\"hours\"><\/span> <span class=\"text-small\">hh<\/span>\n\t\t\t\t<\/div>\n\t\t\t\t<div class=\"p-2 g--bkg-light-01 m-1\">\n\t\t\t\t\t<span class=\"minutes\"><\/span> <span class=\"text-small\">mm<\/span>\n\t\t\t\t<\/div>\n\t\t\t\t<div class=\"p-2 g--bkg-light-01 m-1\">\n\t\t\t\t\t<span class=\"seconds\"><\/span> <span class=\"text-small\">ss<\/span>\n\t\t\t\t<\/div>\n\t\t\t<\/div>\n\t\t<\/div>\n\t\t<script type=\"text\/javascript\">setTimeout(function(){ CountDownOfferte('31\/05\/2026', 'timer_118879'); }, 5000); BkgImgOfferta('https:\/\/static.adriasonline.it\/barret\/make\/offerte\/2272\/dettaglio\/img_118878.jpg?w=380&h=200&q=80&fit=crop', '118879', 'cover');<\/script>\n    \t<!-- fine timer -->\n\n    <\/div>\n    <!-- fine contenitore immagine -->\n    <!-- contenitore testi cBox2 -->\n    <div class=\"text-center p-4 position-relative\">\n        <!-- contenitore titolo -->\n       \n       <div style=\"min-height:60px;\">\n\t   \t<a href=\"https:\/\/www.hotelcapinerarimini.it\/de\/offerte\/speciale-rimini-wellness-118878.php\" class=\"text-primary font-weight-bold\">Spezial Rimini Wellness 2026<\/a>\n\t   <\/div>\n        \n        <!-- contenitore date -->\n        <div class=\"text-tertiary\"><span>dal 28.05.2026 al 31.05.2026<\/span><\/div>\n        <!-- fine contenitore date -->\n        <!-- contenitore prezzo -->\n       <hr class=\"hr-01\">\n\t\t<div class=\"\" style=\"min-height:50px;\">  <span class=\"h2\">48&euro;<\/span><\/div>\n       \n        <!-- fine contenitore prezzo -->\n        <!-- contenitore bottone -->\n        <div class=\"position-absolute l--bottom z-index-10\" style=\"margin-bottom:-20px;\">\n            <a class=\"btn btn-primary rounded-0 text-uppercase pb-2 \" href=\"https:\/\/www.hotelcapinerarimini.it\/de\/offerte\/speciale-rimini-wellness-118878.php\" title=\"Spezial Rimini Wellness 2026\">scopri di pi\u00f9<\/a>\n        <\/div>\n        <!-- fine contenitore bottone -->\n    <\/div>\n    <!-- fine contenitore testi cBox2 -->\n<\/div>\n<\/div>\n\n<div class=\"mx-auto\">\n<div class=\"g--bkg-light-01 m-2 h-100 border-3 g--b-c-02 max-w-400\">\n    <!-- contenitore immagine -->\n    <div class=\"mx-auto l--position-relative barret-137833\" style=\"background-size: cover; height: 200px; overflow:hidden;\">\n    \t<!-- inizio timer -->\n\t\t<div class=\"hidden-xl-down g--bkg-light-04 l--position-absolute l--top l--right p-2 text-primary timer l--b-a-1 border g--b-c-03\" style=\"z-index:800!important;\" id=\"timer_137833\">\n\t\t\t<div class=\"text-sm-center text-primary font-weight-bold text-uppercase\">L'offerta scade fra<\/div>\n\t\t\t<div class=\"\" style=\"display:flex\">\n\t\t\t\t<div class=\"p-2 g--bkg-light-01 m-1\">\n\t\t\t\t\t<span class=\"days\"><\/span> <span class=\"text-small\">gg<\/span>\n\t\t\t\t<\/div>\n\t\t\t\t<div class=\"p-2 g--bkg-light-01 m-1\">\n\t\t\t\t\t<span class=\"hours\"><\/span> <span class=\"text-small\">hh<\/span>\n\t\t\t\t<\/div>\n\t\t\t\t<div class=\"p-2 g--bkg-light-01 m-1\">\n\t\t\t\t\t<span class=\"minutes\"><\/span> <span class=\"text-small\">mm<\/span>\n\t\t\t\t<\/div>\n\t\t\t\t<div class=\"p-2 g--bkg-light-01 m-1\">\n\t\t\t\t\t<span class=\"seconds\"><\/span> <span class=\"text-small\">ss<\/span>\n\t\t\t\t<\/div>\n\t\t\t<\/div>\n\t\t<\/div>\n\t\t<script type=\"text\/javascript\">setTimeout(function(){ CountDownOfferte('31\/07\/2026', 'timer_137833'); }, 5000); BkgImgOfferta('https:\/\/static.adriasonline.it\/barret\/make\/offerte\/2272\/dettaglio\/img_137832.jpg?w=380&h=200&q=80&fit=crop', '137833', 'cover');<\/script>\n    \t<!-- fine timer -->\n\n    <\/div>\n    <!-- fine contenitore immagine -->\n    <!-- contenitore testi cBox2 -->\n    <div class=\"text-center p-4 position-relative\">\n        <!-- contenitore titolo -->\n       \n       <div style=\"min-height:60px;\">\n\t   \t<a href=\"https:\/\/www.hotelcapinerarimini.it\/de\/offerte\/luglio-tutti-al-mare-a-rimini-137832.php\" class=\"text-primary font-weight-bold\">JULI ganz am Meer in Rimini!<\/a>\n\t   <\/div>\n        \n        <!-- contenitore date -->\n        <div class=\"text-tertiary\"><span>dal 28.06.2026 al 31.07.2026<\/span><\/div>\n        <!-- fine contenitore date -->\n        <!-- contenitore prezzo -->\n       <hr class=\"hr-01\">\n\t\t<div class=\"\" style=\"min-height:50px;\">  <span class=\"h2\">69&euro;<\/span><\/div>\n       \n        <!-- fine contenitore prezzo -->\n        <!-- contenitore bottone -->\n        <div class=\"position-absolute l--bottom z-index-10\" style=\"margin-bottom:-20px;\">\n            <a class=\"btn btn-primary rounded-0 text-uppercase pb-2 \" href=\"https:\/\/www.hotelcapinerarimini.it\/de\/offerte\/luglio-tutti-al-mare-a-rimini-137832.php\" title=\"JULI ganz am Meer in Rimini!\">scopri di pi\u00f9<\/a>\n        <\/div>\n        <!-- fine contenitore bottone -->\n    <\/div>\n    <!-- fine contenitore testi cBox2 -->\n<\/div>\n<\/div>\n\n<div class=\"mx-auto\">\n<div class=\"g--bkg-light-01 m-2 h-100 border-3 g--b-c-02 max-w-400\">\n    <!-- contenitore immagine -->\n    <div class=\"mx-auto l--position-relative barret-152485\" style=\"background-size: cover; height: 200px; overflow:hidden;\">\n    \t<!-- inizio timer -->\n\t\t<div class=\"hidden-xl-down g--bkg-light-04 l--position-absolute l--top l--right p-2 text-primary timer l--b-a-1 border g--b-c-03\" style=\"z-index:800!important;\" id=\"timer_152485\">\n\t\t\t<div class=\"text-sm-center text-primary font-weight-bold text-uppercase\">L'offerta scade fra<\/div>\n\t\t\t<div class=\"\" style=\"display:flex\">\n\t\t\t\t<div class=\"p-2 g--bkg-light-01 m-1\">\n\t\t\t\t\t<span class=\"days\"><\/span> <span class=\"text-small\">gg<\/span>\n\t\t\t\t<\/div>\n\t\t\t\t<div class=\"p-2 g--bkg-light-01 m-1\">\n\t\t\t\t\t<span class=\"hours\"><\/span> <span class=\"text-small\">hh<\/span>\n\t\t\t\t<\/div>\n\t\t\t\t<div class=\"p-2 g--bkg-light-01 m-1\">\n\t\t\t\t\t<span class=\"minutes\"><\/span> <span class=\"text-small\">mm<\/span>\n\t\t\t\t<\/div>\n\t\t\t\t<div class=\"p-2 g--bkg-light-01 m-1\">\n\t\t\t\t\t<span class=\"seconds\"><\/span> <span class=\"text-small\">ss<\/span>\n\t\t\t\t<\/div>\n\t\t\t<\/div>\n\t\t<\/div>\n\t\t<script type=\"text\/javascript\">setTimeout(function(){ CountDownOfferte('12\/07\/2026', 'timer_152485'); }, 5000); BkgImgOfferta('https:\/\/static.adriasonline.it\/barret\/make\/offerte\/2272\/dettaglio\/img_152480.jpg?w=380&h=200&q=80&fit=crop', '152485', 'cover');<\/script>\n    \t<!-- fine timer -->\n\n    <\/div>\n    <!-- fine contenitore immagine -->\n    <!-- contenitore testi cBox2 -->\n    <div class=\"text-center p-4 position-relative\">\n        <!-- contenitore titolo -->\n       \n       <div style=\"min-height:60px;\">\n\t   \t<a href=\"https:\/\/www.hotelcapinerarimini.it\/de\/offerte\/sport-dance-2026-offerta-hotel-a-rimini-campionati-italiani-danza-sportiva-152480.php\" class=\"text-primary font-weight-bold\">Sport Dance 2026 Hotelangebot in Rimini (Sport Dance Italienische Meisterschaften)<\/a>\n\t   <\/div>\n        \n        <!-- contenitore date -->\n        <div class=\"text-tertiary\"><span>dal 04.07.2026 al 12.07.2026<\/span><\/div>\n        <!-- fine contenitore date -->\n        <!-- contenitore prezzo -->\n       <hr class=\"hr-01\">\n\t\t<div class=\"\" style=\"min-height:50px;\"> Prezzi personalizzati<\/div>\n       \n        <!-- fine contenitore prezzo -->\n        <!-- contenitore bottone -->\n        <div class=\"position-absolute l--bottom z-index-10\" style=\"margin-bottom:-20px;\">\n            <a class=\"btn btn-primary rounded-0 text-uppercase pb-2 \" href=\"https:\/\/www.hotelcapinerarimini.it\/de\/offerte\/sport-dance-2026-offerta-hotel-a-rimini-campionati-italiani-danza-sportiva-152480.php\" title=\"Sport Dance 2026 Hotelangebot in Rimini (Sport Dance Italienische Meisterschaften)\">scopri di pi\u00f9<\/a>\n        <\/div>\n        <!-- fine contenitore bottone -->\n    <\/div>\n    <!-- fine contenitore testi cBox2 -->\n<\/div>\n<\/div>\n    \n\t\t\t\t\t\t\t\n\t\t\t<\/div>\n\t\t<\/div>\n\t\n\n<\/div>\n    <\/div>\n<\/div>\n<\/section>\n\n<section class=\"wao-blocks-container container-fluid mb-0 g--bkg-light-01 js--lazy-load\"\n\tstyle=\"background: url('https:\/\/www.hotelcapinerarimini.it\/wp-content\/uploads\/2022\/06\/sf-risto.jpg') center center \/ cover no-repeat ; display: block; background-blend-mode: multiply; \"\t>\n    \n<div class=\"wao-blocks-row row\" >\n    \n\n<div class=\"col-12 col-md-12 p-5  d-flex align-items-center justify-content-start\"\n     \n\t \n\t>\n        \n<div class=\"my-5 p-4 g--bkg-dark-04 position-relative\" style=\"max-width:750px;\">\n\n\n<h2 class=\"wp-block-heading h1\">I veri sapori della Romagna<\/h2>\n\n\n\n<h3 class=\"wp-block-heading mb-4\">Ti viziamo con gustosi piatti della tradizione<\/h3>\n\n\n\n<p>L\u2019Hotel Capinera predilige una <strong>cucina tipica romagnola<\/strong> e propone piatti sempre diversi,&nbsp; preparati con <strong>prodotti genuini<\/strong> del territorio e a <strong>Km 0<\/strong>. Tipicit\u00e0 di pesce e di carne, ogni giorno un viaggio alla scoperta di<strong> nuovi sapori<\/strong>. A pranzo e a cena sar\u00e0 un vero piacere mettersi a tavola e in alcune formule le <strong>bevande sono incluse<\/strong>! Molto attenti e preparati anche verso le necessit\u00e0 dei pi\u00f9 piccoli e alle richieste di piatti alternativi per ogni tipo di <strong>intolleranza<\/strong> e cibi<strong> senza glutine<\/strong>.<\/p>\n\n\n<div class=\"p-4\"><\/div>\n<div class=\"mx-auto text-center position-absolute l--bottom z-index-10\" style=\"margin-bottom:-20px;\">\n\n\n<div class=\"wao-blocks-button\" >\n\t<a href=\"https:\/\/www.hotelcapinerarimini.it\/cucina\/\" \n\t\tclass=\"btn p-4 btn-primary rounded-0 btn-lg text-uppercase \"\n         \n\t\t\t\ttitle=\"LA NOSTRA CUCINA\" \n\t>\t\n\t\t\t\tLA NOSTRA CUCINA\t\t\t<\/a>\n<\/div>\n\n<\/div><\/div>\n    <\/div>\n<\/div>\n<\/section>\n\n<section class=\"wao-blocks-container container-fluid mb-0 js--lazy-load\"\n\tstyle=\"background: url('https:\/\/www.hotelcapinerarimini.it\/wp-content\/uploads\/2022\/06\/sf-family.jpg') center center \/ cover no-repeat ; display: block; background-blend-mode: multiply; \"\t>\n    \n<div class=\"wao-blocks-row row\" >\n    \n\n<div class=\"col-12 col-md-12 p-5 d-flex align-items-center justify-content-end\"\n     \n\t \n\t>\n        \n<div class=\"my-5 p-4 g--bkg-dark-04 position-relative\" style=\"max-width:750px;\">\n\n\n<h2 class=\"wp-block-heading h1\">Bambini il divertimento \u00e8 assicurato!<\/h2>\n\n\n\n<h3 class=\"wp-block-heading mb-4\">Comfort e divertimento per tutta la famiglia<\/h3>\n\n\n\n<p>Grazie all\u2019esperienza maturata negli anni, proponiamo tante <strong>divertenti attivit\u00e0<\/strong> pensate per tutta la <strong>famiglia<\/strong>. Siamo particolarmente attenti alle necessit\u00e0 dei nostri <strong>piccoli ospiti<\/strong>. Perci\u00f2, caro genitore, lascia a casa tutte le preoccupazioni perch\u00e9 abbiamo <strong>tutto ci\u00f2 di cui hai bisogno<\/strong>. Rilassati in un ambiente <strong>super accogliente<\/strong> e divertiti insieme ai tuoi bimbi. Ti sembrer\u00e0 di essere a casa.<\/p>\n\n\n<div class=\"p-4\"><\/div>\n<div class=\"mx-auto text-center position-absolute l--bottom z-index-10\" style=\"margin-bottom:-20px;\">\n\n\n<div class=\"wao-blocks-button\" >\n\t<a href=\"https:\/\/www.hotelcapinerarimini.it\/famiglie\/\" \n\t\tclass=\"btn p-4 btn-primary rounded-0 btn-lg text-uppercase \"\n         \n\t\t\t\ttitle=\"Servizi per famiglie\" \n\t>\t\n\t\t\t\tServizi per famiglie\t\t\t<\/a>\n<\/div>\n\n<\/div><\/div>\n    <\/div>\n<\/div>\n<\/section>\n\n<section class=\"wao-blocks-container container-fluid mb-0 g--bkg-light-01 js--lazy-load\"\n\tstyle=\"background: url('https:\/\/www.hotelcapinerarimini.it\/wp-content\/uploads\/2022\/06\/sf-spiaggia.jpg') center center \/ cover no-repeat rgba(0,0,0,0.2); display: block; background-blend-mode: multiply; \"\t>\n    \n<div class=\"wao-blocks-row row\" >\n    \n\n<div class=\"col-12 col-md-12 p-5  d-flex align-items-center justify-content-start\"\n     \n\t \n\t>\n        \n<div class=\"my-5 p-4 g--bkg-dark-04 position-relative\" style=\"max-width:750px;\">\n\n\n<h2 class=\"wp-block-heading h1\">La spiaggia convenzionata&nbsp;<\/h2>\n\n\n\n<h3 class=\"wp-block-heading mb-4\">Animazione, divertimento e tanto relax<\/h3>\n\n\n\n<p>L\u2019Hotel Capinera di Rimini \u00e8 convenzionato con il <strong>Bagno Giorgio 133<\/strong>, raggiungibile a piedi in 2 minuti. Gli ospiti che scelgono la <strong>formula All Inclusive<\/strong> avranno ombrelloni e lettini compresi, pi\u00f9 tutti i servizi offerti dalla spiaggia. Respirerai aria di <strong>ospitalit\u00e0 e allegria<\/strong>. Tutto lo staff ti aspetta insieme ai tuoi <strong>amici a quattro zampe<\/strong>!<\/p>\n\n\n<div class=\"p-4\"><\/div>\n<div class=\"mx-auto text-center position-absolute l--bottom z-index-10\" style=\"margin-bottom:-20px;\">\n\n\n<div class=\"wao-blocks-button\" >\n\t<a href=\"https:\/\/www.hotelcapinerarimini.it\/spiaggia\/\" \n\t\tclass=\"btn p-4 btn-primary rounded-0 btn-lg text-uppercase \"\n         \n\t\t\t\ttitle=\"Scopri la spiaggia\" \n\t>\t\n\t\t\t\tScopri la spiaggia\t\t\t<\/a>\n<\/div>\n\n<\/div><\/div>\n    <\/div>\n<\/div>\n<\/section>\n\n<section class=\"wao-blocks-container container-fluid mb-0 g--bkg-dark-04\"\n\t\t>\n    \n<div class=\"wao-blocks-row row\" >\n    \n\n<div class=\"col-12 col-md-6 p-0 order-1\"\n     \n\t \n\t>\n        \n    <figure\n        class=\"wao-blocks-immagine-bkg w-100 h-100\"\n        style=\"background: url('https:\/\/www.hotelcapinerarimini.it\/wp-content\/uploads\/2022\/06\/sf-rimini.jpg') center center \/ cover no-repeat; min-height: 450px;\"\n        >\n            <\/figure>\n\n    <\/div>\n\n\n<div class=\"col-12 col-md-6 p-0 order-md-2 order-3\"\n     \n\t \n\t>\n        \n    <figure\n        class=\"wao-blocks-immagine-bkg w-100 h-100\"\n        style=\"background: url('https:\/\/www.hotelcapinerarimini.it\/wp-content\/uploads\/2022\/06\/sf-esscursioni.jpg') center center \/ cover no-repeat; min-height: 450px;\"\n        >\n            <\/figure>\n\n    <\/div>\n\n\n<div class=\"col-12 col-md-6 order-md-3 order-2\"\n     \n\t \n\t>\n        \n<div class=\"g--bkg-dark-04 p-4 g--b-c-01 border-3 mx-auto mt--100 max-width-600\">\n\n\n<p class=\"has-text-align-center h2 display-3\">Le bellezze <br>di Rimini<\/p>\n\n\n\n<p class=\"has-text-align-center\">Una citt\u00e0 che non ti aspetti, ricca di storia e cultura, cinema, teatri, monumenti.<\/p>\n\n\n<div class=\"p-4\"><\/div>\n<\/div>\n<div class=\"mx-auto text-center \" style=\"margin-top:-60px;\">\n\n\n\n<div class=\"wao-blocks-button text-center\" >\n\t<a href=\"https:\/\/www.hotelcapinerarimini.it\/rimini\/\" \n\t\tclass=\"btn p-4 btn-primary rounded-0 btn-lg text-uppercase \"\n         \n\t\t\t\ttitle=\"Scopri di pi\u00f9\" \n\t>\t\n\t\t\t\tScopri di pi\u00f9\t\t\t<\/a>\n<\/div>\n\n<\/div>\n\n    <\/div>\n\n\n<div class=\"col-12 col-md-6 order-4\"\n     \n\t \n\t>\n        \n<div class=\"g--bkg-dark-04 p-4 g--b-c-01 border-3 mx-auto mt--100 max-width-600\">\n\n\n<p class=\"has-text-align-center h2 display-3\">Le pi\u00f9 belle <br>escursioni<\/p>\n\n\n\n<p class=\"has-text-align-center\">A pochi chilometri a Rimini, scrigni di bellezza storico culturale da non perdere!<\/p>\n\n\n<div class=\"p-4\"><\/div>\n<\/div>\n<div class=\"mx-auto text-center \" style=\"margin-top:-60px;\">\n\n\n<div class=\"wao-blocks-button text-center\" >\n\t<a href=\"https:\/\/www.hotelcapinerarimini.it\/escursioni\/\" \n\t\tclass=\"btn p-4 btn-primary rounded-0 btn-lg text-uppercase \"\n         \n\t\t\t\ttitle=\"Scopri di pi\u00f9\" \n\t>\t\n\t\t\t\tScopri di pi\u00f9\t\t\t<\/a>\n<\/div>\n\n<\/div>\n    <\/div>\n<\/div>\n<\/section>\n\n<section class=\"wao-blocks-container container-fluid mb-0 g--bkg-dark-04\"\n\t\t>\n    \n<div class=\"wao-blocks-row row\" >\n    \n\n<div class=\"col-12 col-md-6 p-0 order-1\"\n     \n\t \n\t>\n        \n    <figure\n        class=\"wao-blocks-immagine-bkg w-100 h-100\"\n        style=\"background: url('https:\/\/www.hotelcapinerarimini.it\/wp-content\/uploads\/2022\/06\/sf-parchi.jpg') center center \/ cover no-repeat; min-height: 450px;\"\n        >\n            <\/figure>\n\n    <\/div>\n\n\n<div class=\"col-12 col-md-6 p-0 order-md-2 order-3\"\n     \n\t \n\t>\n        \n    <figure\n        class=\"wao-blocks-immagine-bkg w-100 h-100\"\n        style=\"background: url('https:\/\/www.hotelcapinerarimini.it\/wp-content\/uploads\/2022\/06\/sf-terme.jpg') center center \/ cover no-repeat; min-height: 450px;\"\n        >\n            <\/figure>\n\n    <\/div>\n\n\n<div class=\"col-12 col-md-6 order-md-3 order-2\"\n     \n\t \n\t>\n        \n<div class=\"g--bkg-dark-04 p-4 g--b-c-01 border-3 mx-auto mt--100 max-width-600\">\n\n\n<p class=\"has-text-align-center h2 display-3\">A tutto <br>divertimento!<\/p>\n\n\n\n<p class=\"has-text-align-center\">Siamo convenzionati con tutti i migliori parchi di divertimento della Riviera!<\/p>\n\n\n<div class=\"p-4\"><\/div>\n<\/div>\n<div class=\"mx-auto text-center \" style=\"margin-top:-60px;\">\n\n\n\n<div class=\"wao-blocks-button text-center\" >\n\t<a href=\"https:\/\/www.hotelcapinerarimini.it\/parchi-divertimento\/\" \n\t\tclass=\"btn p-4 btn-primary rounded-0 btn-lg text-uppercase \"\n         \n\t\t\t\ttitle=\"I parchi\" \n\t>\t\n\t\t\t\tI parchi\t\t\t<\/a>\n<\/div>\n\n<\/div>\n\n    <\/div>\n\n\n<div class=\"col-12 col-md-6 order-4\"\n     \n\t \n\t>\n        \n<div class=\"g--bkg-dark-04 p-4 g--b-c-01 border-3 mx-auto mt--100 max-width-600\">\n\n\n<p class=\"has-text-align-center h2 display-3\">Relax per <br>mente e corpo<\/p>\n\n\n\n<p class=\"has-text-align-center\">Scopri le convenzioni con RiminiTerme e regalati momenti di completo relax!<\/p>\n\n\n<div class=\"p-4\"><\/div>\n<\/div>\n<div class=\"mx-auto text-center \" style=\"margin-top:-60px;\">\n\n\n<div class=\"wao-blocks-button text-center\" >\n\t<a href=\"https:\/\/www.hotelcapinerarimini.it\/rimini-terme\/\" \n\t\tclass=\"btn p-4 btn-primary rounded-0 btn-lg text-uppercase \"\n         \n\t\t\t\ttitle=\"Le terme\" \n\t>\t\n\t\t\t\tLe terme\t\t\t<\/a>\n<\/div>\n\n<\/div>\n    <\/div>\n<\/div>\n<\/section>\n\n<section class=\"wao-blocks-container container-fluid mb-0 g--bkg-dark-03\"\n\t\t>\n    \n<div class=\"wao-blocks-row row\" >\n    \n\n<div class=\"col-12 col-md-12 sf-dicono\"\n     \n\t \n\t>\n        \n<div class=\"p-5\">\n\n\n<p class=\"has-text-align-center pb-4 h3\">Dicono di noi<\/p>\n\n\n<div id=\"innerblocks-slider-parent1\" data-wrapAround='true' data-cellAlign=\"right\" data-bgLazyLoad=\"1\" data-freeScroll=\"false\" data-autoPlay=\"2000\" data-pauseAutoPlayOnHover =\"true\" data-prevNextButtons=\"false\" data-contain=\"true\" data-pageDots=\"true\" data-draggable=\"true\"  class=\"wrap-desktop js--flickity wao-blocks-slider slider-recensioni innerblocks-slider-parent-80954\"  style=\"margin-bottom: 35px\">\n            <div class=\"col-12 col-md-6 col-lg-4 p-0\" style=\"height:auto\">\n            \n    <div \n        class='innerblocks-slider-child wao-blocks-innerblocks-slider-child' \n        >\n        \n<div class=\"g--bkg-light-04 py-4 px-5 mx-3\" style=\"max-width:600px;\">\n\n\n<p class=\"h4\">\"Bella vacanza\"<\/p>\n\n\n<div class=\"px-3\">\n\n\n<p>Vacanza all' insegna del relax e del buon cibo. Complimenti a tutto il personale sempre gentile e disponibile. Camera matrimoniale pulitissima con grande balcone. Vasta scelta a colazione , pranzo e cena con piatti tutti buoni. Ho sempre mangiato pesce dia a pranzo che a cena. Al prossimo anno!<\/p>\n\n\n\n<h5 class=\"wp-block-heading\">- SM<\/h5>\n\n\n<\/div><\/div>\n    <\/div>\n    <style>\n        @media screen and (max-width: 992px) {\n            .innerblocks-slider-child {\n                margin: auto !important;\n            }\n        }\n    <\/style>\n  \n\n        <\/div>\n            <div class=\"col-12 col-md-6 col-lg-4 p-0\" style=\"height:auto\">\n            \n    <div \n        class='innerblocks-slider-child wao-blocks-innerblocks-slider-child' \n        >\n        \n<div class=\"g--bkg-light-04 py-4 px-5 mx-3\" style=\"max-width:600px;\">\n\n\n<p class=\"h4\">\"Come sempre una garanzia, tutto perfetto\"<\/p>\n\n\n<div class=\"px-3\">\n\n\n<p>Sono anni che io e i miei famigliari torniamo in questo albergo tutti gli anni, un motivo ci sar\u00e0! Proprietari e personale cordialissimi, cibo fantastico.<br>Tutto questo ad un passo dal mare. Non si pu\u00f2 chiedere niente di meglio<\/p>\n\n\n\n<h5 class=\"wp-block-heading\">- Silvia Lepo<\/h5>\n\n\n<\/div><\/div>\n    <\/div>\n    <style>\n        @media screen and (max-width: 992px) {\n            .innerblocks-slider-child {\n                margin: auto !important;\n            }\n        }\n    <\/style>\n  \n\n        <\/div>\n            <div class=\"col-12 col-md-6 col-lg-4 p-0\" style=\"height:auto\">\n            \n    <div \n        class='innerblocks-slider-child wao-blocks-innerblocks-slider-child' \n        >\n        \n<div class=\"g--bkg-light-04 py-4 px-5 mx-3\" style=\"max-width:600px;\">\n\n\n<p class=\"h4\">\"Bella vacanza da ricordare\"<\/p>\n\n\n<div class=\"px-3\">\n\n\n<p>Ci siamo trovati veramente bene in questo Hotel, il personale super cortese e attento alle esigenza del cliente (...). Cibo davvero ottimo e vario(...) Hotel pulito e comodo per il parcheggio interno. Consiglio vivamente di tenere in considerazione questo Hotel in caso vogliate fare una vacanza a Rimini. (...) <\/p>\n\n\n\n<h5 class=\"wp-block-heading\">- Marco R<\/h5>\n\n\n<\/div><\/div>\n    <\/div>\n    <style>\n        @media screen and (max-width: 992px) {\n            .innerblocks-slider-child {\n                margin: auto !important;\n            }\n        }\n    <\/style>\n  \n\n        <\/div>\n            <div class=\"col-12 col-md-6 col-lg-4 p-0\" style=\"height:auto\">\n            \n    <div \n        class='innerblocks-slider-child wao-blocks-innerblocks-slider-child' \n        >\n        \n<div class=\"g--bkg-light-04 py-4 px-5 mx-3\" style=\"max-width:600px;\">\n\n\n<p class=\"h4\">\"Ottimo soggiorno\"<\/p>\n\n\n<div class=\"px-3\">\n\n\n<p>Ho soggiornato all'Hotel Capinera per una settima; tutto perfetto! Eccezionale la cordialit\u00e0 e la disponibilit\u00e0 dei proprietari. Camera veramente confortevole, completamente rinnovata con bel bagno e balcone. Pasti ottimi e abbondanti. Pulizia super! Spiaggia vicinissima. Che dire? Spero di tornarci presto! Bravi continuate cos\u00ec!<\/p>\n\n\n\n<h5 class=\"wp-block-heading\">- Caterina T<\/h5>\n\n\n<\/div><\/div>\n    <\/div>\n    <style>\n        @media screen and (max-width: 992px) {\n            .innerblocks-slider-child {\n                margin: auto !important;\n            }\n        }\n    <\/style>\n  \n        <\/div>\n    <\/div>\n<div id=\"innerblocks-slider-parent2\"  data-wrapAround='true' data-cellAlign=\"right\" data-bgLazyLoad=\"1\" data-freeScroll=\"false\" data-autoPlay=\"2000\" data-pauseAutoPlayOnHover =\"true\" data-prevNextButtons=\"false\" data-contain=\"true\" data-pageDots=\"true\" data-draggable=\"true\" class=\"wrap-mobile js--flickity wao-blocks-slider slider-recensioni innerblocks-slider-parent-80954\"  style=\"margin-bottom: 35px\">\n            <div class=\"col-12 col-md-6 col-lg-4 p-0\" style=\"height:auto\">\n            \n    <div \n        class='innerblocks-slider-child wao-blocks-innerblocks-slider-child' \n        >\n        \n<div class=\"g--bkg-light-04 py-4 px-5 mx-3\" style=\"max-width:600px;\">\n\n\n<p class=\"h4\">\"Bella vacanza\"<\/p>\n\n\n<div class=\"px-3\">\n\n\n<p>Vacanza all' insegna del relax e del buon cibo. Complimenti a tutto il personale sempre gentile e disponibile. Camera matrimoniale pulitissima con grande balcone. Vasta scelta a colazione , pranzo e cena con piatti tutti buoni. Ho sempre mangiato pesce dia a pranzo che a cena. Al prossimo anno!<\/p>\n\n\n\n<h5 class=\"wp-block-heading\">- SM<\/h5>\n\n\n<\/div><\/div>\n    <\/div>\n    <style>\n        @media screen and (max-width: 992px) {\n            .innerblocks-slider-child {\n                margin: auto !important;\n            }\n        }\n    <\/style>\n  \n\n        <\/div>\n            <div class=\"col-12 col-md-6 col-lg-4 p-0\" style=\"height:auto\">\n            \n    <div \n        class='innerblocks-slider-child wao-blocks-innerblocks-slider-child' \n        >\n        \n<div class=\"g--bkg-light-04 py-4 px-5 mx-3\" style=\"max-width:600px;\">\n\n\n<p class=\"h4\">\"Come sempre una garanzia, tutto perfetto\"<\/p>\n\n\n<div class=\"px-3\">\n\n\n<p>Sono anni che io e i miei famigliari torniamo in questo albergo tutti gli anni, un motivo ci sar\u00e0! Proprietari e personale cordialissimi, cibo fantastico.<br>Tutto questo ad un passo dal mare. Non si pu\u00f2 chiedere niente di meglio<\/p>\n\n\n\n<h5 class=\"wp-block-heading\">- Silvia Lepo<\/h5>\n\n\n<\/div><\/div>\n    <\/div>\n    <style>\n        @media screen and (max-width: 992px) {\n            .innerblocks-slider-child {\n                margin: auto !important;\n            }\n        }\n    <\/style>\n  \n\n        <\/div>\n            <div class=\"col-12 col-md-6 col-lg-4 p-0\" style=\"height:auto\">\n            \n    <div \n        class='innerblocks-slider-child wao-blocks-innerblocks-slider-child' \n        >\n        \n<div class=\"g--bkg-light-04 py-4 px-5 mx-3\" style=\"max-width:600px;\">\n\n\n<p class=\"h4\">\"Bella vacanza da ricordare\"<\/p>\n\n\n<div class=\"px-3\">\n\n\n<p>Ci siamo trovati veramente bene in questo Hotel, il personale super cortese e attento alle esigenza del cliente (...). Cibo davvero ottimo e vario(...) Hotel pulito e comodo per il parcheggio interno. Consiglio vivamente di tenere in considerazione questo Hotel in caso vogliate fare una vacanza a Rimini. (...) <\/p>\n\n\n\n<h5 class=\"wp-block-heading\">- Marco R<\/h5>\n\n\n<\/div><\/div>\n    <\/div>\n    <style>\n        @media screen and (max-width: 992px) {\n            .innerblocks-slider-child {\n                margin: auto !important;\n            }\n        }\n    <\/style>\n  \n\n        <\/div>\n            <div class=\"col-12 col-md-6 col-lg-4 p-0\" style=\"height:auto\">\n            \n    <div \n        class='innerblocks-slider-child wao-blocks-innerblocks-slider-child' \n        >\n        \n<div class=\"g--bkg-light-04 py-4 px-5 mx-3\" style=\"max-width:600px;\">\n\n\n<p class=\"h4\">\"Ottimo soggiorno\"<\/p>\n\n\n<div class=\"px-3\">\n\n\n<p>Ho soggiornato all'Hotel Capinera per una settima; tutto perfetto! Eccezionale la cordialit\u00e0 e la disponibilit\u00e0 dei proprietari. Camera veramente confortevole, completamente rinnovata con bel bagno e balcone. Pasti ottimi e abbondanti. Pulizia super! Spiaggia vicinissima. Che dire? Spero di tornarci presto! Bravi continuate cos\u00ec!<\/p>\n\n\n\n<h5 class=\"wp-block-heading\">- Caterina T<\/h5>\n\n\n<\/div><\/div>\n    <\/div>\n    <style>\n        @media screen and (max-width: 992px) {\n            .innerblocks-slider-child {\n                margin: auto !important;\n            }\n        }\n    <\/style>\n  \n        <\/div>\n    <\/div>\n\n<\/div>\n    <\/div>\n<\/div>\n<\/section>\n\n<section class=\"wao-blocks-container container-fluid mb-0 g--bkg-dark-04\"\n\t\t>\n    \n<div class=\"wao-blocks-row row\" >\n    \n\n<div class=\"col-12 col-md-12 d-flex justify-content-center\"\n     \n\t \n\t>\n        \n<div class=\"p-5\" >\n\n\n<p class=\"h2 display-3\">Newsletter<\/p>\n\n\n<script src=\"https:\/\/www.google.com\/recaptcha\/enterprise.js?render=6LdKs-6Lc3xMIcAAAAAO2K3CkgGUYb6BcsBOk289jP7NUP\"><\/script>\n<div class=\"wao-blocks-newsletter-v2\">\n    \n<!--IMPORTANTE non cambiare il nome degli id, dei name, dei title, e la classe privacy link-privacy-policy -->\n<div class=\"l--box-newsletter\"><form id=\"iscrizione_newsletter\" class=\"custom\" autocomplete=\"OFF\" method=\"post\" name=\"iscrizione_newsletter\">\n<fieldset>\n<div class=\"form-group row\">\n<div class=\"col-12 col-lg-4 py-2\"><input id=\"news_nome\" class=\"form-control text-primary rounded-0\" name=\"nome\" type=\"text\" placeholder=\"Nome*\"><\/div>\n<div class=\"col-12 col-lg-4  py-2\"><input id=\"news_email\" class=\"form-control text-primary rounded-0\" name=\"email\" type=\"text\" value=\"\" placeholder=\"Email*\"><\/div>\n<div class=\"col-12 col-lg-4  py-2\"><button id=\"iscrizioneNewsletter\" class=\"btn btn-primary btn-block rounded-0 text-uppercase\" type=\"submit\">\nIscriviti\n<\/button>\n<input name=\"dominio\" type=\"hidden\" value=\"https:\/\/www.hotelcapinerarimini.it\/de\/\">\n<input name=\"idHotel\" type=\"hidden\" value=\"\">\n<input name=\"lingua\" type=\"hidden\" value=\"it\"><\/div>\n<div id=\"newsletter\" class=\"col-12   py-2\"><input id=\"news_privacy\" style=\"width: 30px; height: 30px;\" name=\"news_privacy\" type=\"checkbox\" value=\"on\">\n<label style=\"vertical-align: text-bottom; font-size: 20px; color: #ffffff;\" for=\"news_privacy\">\n*\n<small>\n<a class=\"privacy link-privacy-policy\" style=\"cursor: pointer;\" title=\"privacy\">\nAccetto privacy\n<\/a>\n<\/small>\n<\/label><\/div>\n<\/div><\/fieldset>\n<\/form><\/div>\n<div id=\"divAlert\" class=\"h-50 w-50 m-auto alert-info d-none\" style=\"position: fixed; top: 10px; left: 10px; right: 10px; bottom: 10px; z-index: 2000; overflow: auto;\">\n<div class=\"text-right\"><a class=\"btn btn-primary btn_chiudi \" href=\"javascript:void(0)\" onclick=\"location.reload(true);\"><i class=\"fa fa-times\" aria-hidden=\"true\"><\/i><\/a><\/div>\n<div class=\"text-center alert-info l--align-middle-vertical\" style=\"height: calc(100% - 50px);\">\n<div class=\"logo\"><\/div>\n<div class=\"text-center h-50 w-50\"><i class=\"fa fa-paper-plane\" aria-hidden=\"true\"><\/i>\n<h4>iscrizione alla newsletter completata con successo<\/h4>\n<\/div>\n<\/div>\n<\/div>\n<\/div>\n\n<\/div>\n    <\/div>\n<\/div>\n<\/section>\n\n<section class=\"wao-blocks-container container-fluid mb-0\"\n\t\t>\n    \n<div class=\"wao-blocks-row row\" >\n    \n\n<div class=\"col-12 col-md-6 col-lg-4 sf-e-2 d-flex align-items-center justify-content-center\"\n     \n\t \n\t>\n        \n<div class=\"mx-auto p-4 text-center\">\n\n\n<p class=\"has-text-align-center h4\">I nostri social<\/p>\n\n\n<div class=\"my-4\">\n<a href=\"https:\/\/www.facebook.com\/profile.php?id=61571731653255\" target=\"_blank\"><div class=\"ico-facebook\"><\/div><\/a>\n<\/div>\n<div class=\"\">\n<a href=\"https:\/\/www.instagram.com\/hotel_capinera_rimini\/\" target=\"_blank\"><div class=\"ico-instagram\"><\/div><\/a>\n<\/div>\n<\/div>\n    <\/div>\n\n\n<div class=\"col-12 col-md-6 col-lg-8 p-0\"\n     \n\t \n\t>\n        \n<iframe class=\"js--lazy-load m-0 p-0\" data-src=\"https:\/\/www.google.com\/maps\/embed?pb=!1m14!1m8!1m3!1d91789.78815229062!2d12.556695890658805!3d44.03315400000001!3m2!1i1024!2i768!4f13.1!3m3!1m2!1s0x0%3A0xccddd7b4c4f58255!2sHotel%20Capinera%20Rimini!5e0!3m2!1sit!2sit!4v1654855157691!5m2!1sit!2sit\" width=\"100%\" height=\"100%\" style=\"border:0;min-height:450px;\" allowfullscreen=\"\" loading=\"lazy\" referrerpolicy=\"no-referrer-when-downgrade\"><\/iframe>\n    <\/div>\n<\/div>\n<\/section>\n\n<section class=\"wao-blocks-container container-fluid mb-0\"\n\t\t>\n    \n<div class=\"wao-blocks-row row\" >\n    \n\n<div class=\"col-12 col-md-12 col-lg-7 col-xl-8 p-5 g--bkg-dark-03\"\n     \n\t \n\t>\n        \n<div class=\"mx-auto p-4 g--bkg-dark-03\" style=\"max-width:900px;\">\n\n\n<p class=\"h5\">Contattaci<\/p>\n\n\n\n<p class=\"h2 display-3\">Richiedi un preventivo<\/p>\n\n\n\n<div class=\"merida_root\" id=\"merida_block\"><\/div>\n\n<script>\nvar merida_config_merida_block = {\n    customerId: 2272 ,\n    showSuccessModal : true,\n    rootEl: \"merida_block\",\n    childrenAgeMax: 16,\n    childrenAgeMin: 0,\n    layout: \"compact\",\n    language: \"de\",\n                theme : {\n        colors: {\n            primary: '#e7c130',\n            primaryTextAlt: '#ffffff',\n            secondary: '#00a8ff',\n            secondaryTextAlt: '#ffffff',\n            text: '#044d77',\n            error: '#cc0033',\n            formBackground: '#9cdafc',\n            label: '#044d77',\n            labelInput: '#044d77',\n            labelInputActive: '#7ebd6d',\n            inputBackground: '#eeeeee',\n            inputBorder: '#eeeeee',\n            checkboxBorder: '#eeeeee',\n        }\n    },\n    onSuccess : function(res) {\n        \n                        if (typeof(ga) !== 'undefined') {\n                   ga('send', 'event', 'Email', 'Invio', 'Form');\n                }\n                    }\n};\n\n(function(url, cb) {\n    var s = document.createElement(\"script\");\n    s.type = \"text\/javascript\";\n\n    if (s.readyState) { \/\/IE\n        s.onreadystatechange = function() {\n            if (s.readyState == \"loaded\" || s.readyState == \"complete\") {\n                s.onreadystatechange = null;\n                cb();\n            }\n        };\n    } else { \/\/Others\n        s.onload = function() {\n            cb();\n        };\n    }\n\n    s.src = url;\n    document.getElementsByTagName(\"head\")[0].appendChild(s);\n})(\"https:\/\/static.adriasonline.it\/merida\/latest\/merida.js\", function() {\n    window.aoForm = merida(merida_config_merida_block);\n});\n<\/script>\n\n<\/div>\n    <\/div>\n\n\n<div class=\"col-12 col-md-12 col-lg-5 col-xl-4 col-12 col-md-12 col-lg-5 col-xl-4 d-none d-lg-flex justify-content-center align-items-start py-4 px-4\"\n     \n\t \n\t>\n        \n<div class=\" h-100 d-none d-lg-block\">\n    <div class=\"mx-auto\">\n        <h4>I nostri punti di forza<\/h4>\n    <\/div>\n    <div class=\"d-flex justify-content-start align-items-center\">\n        <div class=\"text-center px-3\">\n            <div class=\"mx-auto text-center pt-5\">\n                <div  class=\"d-flex align-items-end justify-content-center\" style=\"background:url(https:\/\/www.hotelcapinerarimini.it\/wp-content\/uploads\/2022\/06\/img-gestione-famigliare.jpg) center center no-repeat; min-height:150px;\">\n                    <div class=\"text-center mx-auto mb--30\">\n                        <div class=\"g--bkg-dark-04 text-small g--b-c-02 border-3px mx-2 js--hideme\" data-anim=\"fadeIn\" style=\"width: 146px;\">GESTIONE<br> FAMIGLIARE<\/div>\n                    <\/div>\n                <\/div>\n            <\/div>\n            <div class=\"mx-auto text-center py-4 my-4\">\n                <div  class=\"d-flex align-items-end justify-content-center\" style=\"background:url(https:\/\/www.hotelcapinerarimini.it\/wp-content\/uploads\/2022\/06\/bike-friendly.jpg) center center no-repeat; min-height:150px;\">\n                    <div class=\"text-center mx-auto mb--30\">\n                        <div class=\"g--bkg-dark-04 text-small g--b-c-02 border-3px mx-2 js--hideme\" data-anim=\"fadeIn\"  style=\"width: 146px;\">VICINO AL<br> MARE<\/div>\n                    <\/div>\n                <\/div>\n            <\/div>\n            <div class=\"mx-auto text-center  pb-5\">\n                <div  class=\"d-flex align-items-end justify-content-center\" style=\"background:url(https:\/\/www.hotelcapinerarimini.it\/wp-content\/uploads\/2022\/06\/img-servizi-famiglie.jpg) center center no-repeat; min-height:150px;\">\n                    <div class=\"text-center mx-auto mb--30\">\n                        <div class=\"g--bkg-dark-04 text-small g--b-c-02 border-3px mx-2 js--hideme\" data-anim=\"fadeIn\"  style=\"width: 146px;\">SERVIZI PER<br>FAMIGLIE<\/div>\n                    <\/div>\n                <\/div>\n            <\/div>\n        <\/div>\n\n        <div class=\"d-flex align-items-center justify-content-center flex-column px-3\">\n            <div class=\"mx-auto text-center py-4 \">\n                <div  class=\"d-flex align-items-end justify-content-center\" style=\"background:url(https:\/\/www.hotelcapinerarimini.it\/wp-content\/uploads\/2022\/06\/img-cucina-km-zero.jpg) center center no-repeat; min-height:150px;\">\n                    <div class=\"text-center mx-auto mb--30\">\n                        <div class=\"g--bkg-dark-04 text-small g--b-c-02 border-3px mx-2 js--hideme\" data-anim=\"fadeIn\"  style=\"width: 146px;\">CUCINA<br>A KM 0<\/div>\n                    <\/div>\n                <\/div>\n            <\/div>\n            <div class=\"mx-auto text-center  py-5\">\n                <div  class=\"d-flex align-items-end justify-content-center\" style=\"background:url(https:\/\/www.hotelcapinerarimini.it\/wp-content\/uploads\/2022\/06\/img-forma-all-inclusive.jpg) center center no-repeat; min-height:150px;\">\n                    <div class=\"text-center mx-auto mb--30\">\n                        <div class=\"g--bkg-dark-04 text-small g--b-c-02 border-3px mx-2 js--hideme\" data-anim=\"fadeIn\"  style=\"width: 146px;\">FORMA<br>ALL INCLUSIVE<\/div>\n                    <\/div>\n                <\/div>\n            <\/div>\n            <div class=\"mx-auto text-center py-4 \">\n                <div  class=\"d-flex align-items-end justify-content-center\" style=\"background:url(https:\/\/www.hotelcapinerarimini.it\/wp-content\/uploads\/2022\/06\/img-garage.jpg) center center no-repeat; min-height:150px;\">\n                    <div class=\"text-center mx-auto mb--30\">\n                        <div class=\"g--bkg-dark-04 text-small g--b-c-02 border-3px mx-2 js--hideme\" data-anim=\"fadeIn\"  style=\"width: 146px;\">GARAGE<br>IN HOTEL<\/div>\n                    <\/div>\n                <\/div>\n            <\/div>\n        <\/div>\n    <\/div>\n<\/div>\n\n    <\/div>\n\n\n<div class=\"col-12 d-lg-none d-block p-4\"\n     \n\t \n\t>\n        \n\n<p class=\"h4\">I nostri punti di forza<\/p>\n\n\n<div id=\"innerblocks-slider-parent1\" data-wrapAround='true' data-cellAlign=\"right\" data-bgLazyLoad=\"1\" data-freeScroll=\"false\" data-autoPlay=\"5000\" data-pauseAutoPlayOnHover =\"true\" data-prevNextButtons=\"false\" data-contain=\"true\" data-pageDots=\"false\" data-draggable=\"true\"  class=\"wrap-desktop js--flickity wao-blocks-slider innerblocks-slider-parent-79268\"  >\n            <div class=\"col-12 col-md-4 col-lg-3 p-0\" style=\"height:250px\">\n            \n    <div \n        class='innerblocks-slider-child wao-blocks-innerblocks-slider-child' \n        >\n        \n<div class=\"mx-auto text-center p-4\">\n                <div  class=\"d-flex align-items-end justify-content-center\" style=\"background:url(https:\/\/www.hotelcapinerarimini.it\/wp-content\/uploads\/2022\/06\/img-gestione-famigliare.jpg) center center no-repeat; min-height:150px;\">\n                    <div class=\"text-center mx-auto mb--30\">\n                        <div class=\"g--bkg-dark-04 text-small g--b-c-02 border-3px mx-2\" style=\"width: 146px;\">GESTIONE<br> FAMIGLIARE<\/div>\n                    <\/div>\n                <\/div>\n            <\/div>\n    <\/div>\n    <style>\n        @media screen and (max-width: 992px) {\n            .innerblocks-slider-child {\n                margin: auto !important;\n            }\n        }\n    <\/style>\n  \n\n        <\/div>\n            <div class=\"col-12 col-md-4 col-lg-3 p-0\" style=\"height:250px\">\n            \n    <div \n        class='innerblocks-slider-child wao-blocks-innerblocks-slider-child' \n        >\n        \n<div class=\"mx-auto text-center p-4\">\n                <div  class=\"d-flex align-items-end justify-content-center\" style=\"background:url(https:\/\/www.hotelcapinerarimini.it\/wp-content\/uploads\/2022\/06\/bike-friendly.jpg) center center no-repeat; min-height:150px;\">\n                    <div class=\"text-center mx-auto mb--30\">\n                        <div class=\"g--bkg-dark-04 text-small g--b-c-02 border-3px mx-2\" style=\"width: 146px;\">VICINO AL<br> MARE<\/div>\n                    <\/div>\n                <\/div>\n            <\/div>\n    <\/div>\n    <style>\n        @media screen and (max-width: 992px) {\n            .innerblocks-slider-child {\n                margin: auto !important;\n            }\n        }\n    <\/style>\n  \n\n        <\/div>\n            <div class=\"col-12 col-md-4 col-lg-3 p-0\" style=\"height:250px\">\n            \n    <div \n        class='innerblocks-slider-child wao-blocks-innerblocks-slider-child' \n        >\n        \n<div class=\"mx-auto text-center  p-4\">\n                <div  class=\"d-flex align-items-end justify-content-center\" style=\"background:url(https:\/\/www.hotelcapinerarimini.it\/wp-content\/uploads\/2022\/06\/img-servizi-famiglie.jpg) center center no-repeat; min-height:150px;\">\n                    <div class=\"text-center mx-auto mb--30\">\n                        <div class=\"g--bkg-dark-04 text-small g--b-c-02 border-3px mx-2\" style=\"width: 146px;\">SERVIZI PER<br>FAMIGLIE<\/div>\n                    <\/div>\n                <\/div>\n            <\/div>\n    <\/div>\n    <style>\n        @media screen and (max-width: 992px) {\n            .innerblocks-slider-child {\n                margin: auto !important;\n            }\n        }\n    <\/style>\n  \n\n        <\/div>\n            <div class=\"col-12 col-md-4 col-lg-3 p-0\" style=\"height:250px\">\n            \n    <div \n        class='innerblocks-slider-child wao-blocks-innerblocks-slider-child' \n        >\n        \n<div class=\"mx-auto text-center p-4 \">\n                <div  class=\"d-flex align-items-end justify-content-center\" style=\"background:url(https:\/\/www.hotelcapinerarimini.it\/wp-content\/uploads\/2022\/06\/img-cucina-km-zero.jpg) center center no-repeat; min-height:150px;\">\n                    <div class=\"text-center mx-auto mb--30\">\n                        <div class=\"g--bkg-dark-04 text-small g--b-c-02 border-3px mx-2\" style=\"width: 146px;\">CUCINA<br>A KM 0<\/div>\n                    <\/div>\n                <\/div>\n            <\/div>\n    <\/div>\n    <style>\n        @media screen and (max-width: 992px) {\n            .innerblocks-slider-child {\n                margin: auto !important;\n            }\n        }\n    <\/style>\n  \n\n        <\/div>\n            <div class=\"col-12 col-md-4 col-lg-3 p-0\" style=\"height:250px\">\n            \n    <div \n        class='innerblocks-slider-child wao-blocks-innerblocks-slider-child' \n        >\n        \n<div class=\"mx-auto text-center  p-4\">\n                <div  class=\"d-flex align-items-end justify-content-center\" style=\"background:url(https:\/\/www.hotelcapinerarimini.it\/wp-content\/uploads\/2022\/06\/img-forma-all-inclusive.jpg) center center no-repeat; min-height:150px;\">\n                    <div class=\"text-center mx-auto mb--30\">\n                        <div class=\"g--bkg-dark-04 text-small g--b-c-02 border-3px mx-2\" style=\"width: 146px;\">FORMA<br>ALL INCLUSIVE<\/div>\n                    <\/div>\n                <\/div>\n            <\/div>\n    <\/div>\n    <style>\n        @media screen and (max-width: 992px) {\n            .innerblocks-slider-child {\n                margin: auto !important;\n            }\n        }\n    <\/style>\n  \n\n        <\/div>\n            <div class=\"col-12 col-md-4 col-lg-3 p-0\" style=\"height:250px\">\n            \n    <div \n        class='innerblocks-slider-child wao-blocks-innerblocks-slider-child' \n        >\n        \n<div class=\"mx-auto text-center  p-4\">\n                <div  class=\"d-flex align-items-end justify-content-center\" style=\"background:url(https:\/\/www.hotelcapinerarimini.it\/wp-content\/uploads\/2022\/06\/img-garage.jpg) center center no-repeat; min-height:150px;\">\n                    <div class=\"text-center mx-auto mb--30\">\n                        <div class=\"g--bkg-dark-04 text-small g--b-c-02 border-3px mx-2\" style=\"width: 146px;\">GARAGE<br>IN HOTEL<\/div>\n                    <\/div>\n                <\/div>\n            <\/div>\n    <\/div>\n    <style>\n        @media screen and (max-width: 992px) {\n            .innerblocks-slider-child {\n                margin: auto !important;\n            }\n        }\n    <\/style>\n  \n        <\/div>\n    <\/div>\n<div id=\"innerblocks-slider-parent2\"  data-wrapAround='true' data-cellAlign=\"right\" data-bgLazyLoad=\"1\" data-freeScroll=\"false\" data-autoPlay=\"5000\" data-pauseAutoPlayOnHover =\"true\" data-prevNextButtons=\"false\" data-contain=\"true\" data-pageDots=\"false\" data-draggable=\"true\" class=\"wrap-mobile js--flickity wao-blocks-slider innerblocks-slider-parent-79268\"  >\n            <div class=\"col-12 col-md-4 col-lg-3 p-0\" style=\"height:250px\">\n            \n    <div \n        class='innerblocks-slider-child wao-blocks-innerblocks-slider-child' \n        >\n        \n<div class=\"mx-auto text-center p-4\">\n                <div  class=\"d-flex align-items-end justify-content-center\" style=\"background:url(https:\/\/www.hotelcapinerarimini.it\/wp-content\/uploads\/2022\/06\/img-gestione-famigliare.jpg) center center no-repeat; min-height:150px;\">\n                    <div class=\"text-center mx-auto mb--30\">\n                        <div class=\"g--bkg-dark-04 text-small g--b-c-02 border-3px mx-2\" style=\"width: 146px;\">GESTIONE<br> FAMIGLIARE<\/div>\n                    <\/div>\n                <\/div>\n            <\/div>\n    <\/div>\n    <style>\n        @media screen and (max-width: 992px) {\n            .innerblocks-slider-child {\n                margin: auto !important;\n            }\n        }\n    <\/style>\n  \n\n        <\/div>\n            <div class=\"col-12 col-md-4 col-lg-3 p-0\" style=\"height:250px\">\n            \n    <div \n        class='innerblocks-slider-child wao-blocks-innerblocks-slider-child' \n        >\n        \n<div class=\"mx-auto text-center p-4\">\n                <div  class=\"d-flex align-items-end justify-content-center\" style=\"background:url(https:\/\/www.hotelcapinerarimini.it\/wp-content\/uploads\/2022\/06\/bike-friendly.jpg) center center no-repeat; min-height:150px;\">\n                    <div class=\"text-center mx-auto mb--30\">\n                        <div class=\"g--bkg-dark-04 text-small g--b-c-02 border-3px mx-2\" style=\"width: 146px;\">VICINO AL<br> MARE<\/div>\n                    <\/div>\n                <\/div>\n            <\/div>\n    <\/div>\n    <style>\n        @media screen and (max-width: 992px) {\n            .innerblocks-slider-child {\n                margin: auto !important;\n            }\n        }\n    <\/style>\n  \n\n        <\/div>\n            <div class=\"col-12 col-md-4 col-lg-3 p-0\" style=\"height:250px\">\n            \n    <div \n        class='innerblocks-slider-child wao-blocks-innerblocks-slider-child' \n        >\n        \n<div class=\"mx-auto text-center  p-4\">\n                <div  class=\"d-flex align-items-end justify-content-center\" style=\"background:url(https:\/\/www.hotelcapinerarimini.it\/wp-content\/uploads\/2022\/06\/img-servizi-famiglie.jpg) center center no-repeat; min-height:150px;\">\n                    <div class=\"text-center mx-auto mb--30\">\n                        <div class=\"g--bkg-dark-04 text-small g--b-c-02 border-3px mx-2\" style=\"width: 146px;\">SERVIZI PER<br>FAMIGLIE<\/div>\n                    <\/div>\n                <\/div>\n            <\/div>\n    <\/div>\n    <style>\n        @media screen and (max-width: 992px) {\n            .innerblocks-slider-child {\n                margin: auto !important;\n            }\n        }\n    <\/style>\n  \n\n        <\/div>\n            <div class=\"col-12 col-md-4 col-lg-3 p-0\" style=\"height:250px\">\n            \n    <div \n        class='innerblocks-slider-child wao-blocks-innerblocks-slider-child' \n        >\n        \n<div class=\"mx-auto text-center p-4 \">\n                <div  class=\"d-flex align-items-end justify-content-center\" style=\"background:url(https:\/\/www.hotelcapinerarimini.it\/wp-content\/uploads\/2022\/06\/img-cucina-km-zero.jpg) center center no-repeat; min-height:150px;\">\n                    <div class=\"text-center mx-auto mb--30\">\n                        <div class=\"g--bkg-dark-04 text-small g--b-c-02 border-3px mx-2\" style=\"width: 146px;\">CUCINA<br>A KM 0<\/div>\n                    <\/div>\n                <\/div>\n            <\/div>\n    <\/div>\n    <style>\n        @media screen and (max-width: 992px) {\n            .innerblocks-slider-child {\n                margin: auto !important;\n            }\n        }\n    <\/style>\n  \n\n        <\/div>\n            <div class=\"col-12 col-md-4 col-lg-3 p-0\" style=\"height:250px\">\n            \n    <div \n        class='innerblocks-slider-child wao-blocks-innerblocks-slider-child' \n        >\n        \n<div class=\"mx-auto text-center  p-4\">\n                <div  class=\"d-flex align-items-end justify-content-center\" style=\"background:url(https:\/\/www.hotelcapinerarimini.it\/wp-content\/uploads\/2022\/06\/img-forma-all-inclusive.jpg) center center no-repeat; min-height:150px;\">\n                    <div class=\"text-center mx-auto mb--30\">\n                        <div class=\"g--bkg-dark-04 text-small g--b-c-02 border-3px mx-2\" style=\"width: 146px;\">FORMA<br>ALL INCLUSIVE<\/div>\n                    <\/div>\n                <\/div>\n            <\/div>\n    <\/div>\n    <style>\n        @media screen and (max-width: 992px) {\n            .innerblocks-slider-child {\n                margin: auto !important;\n            }\n        }\n    <\/style>\n  \n\n        <\/div>\n            <div class=\"col-12 col-md-4 col-lg-3 p-0\" style=\"height:250px\">\n            \n    <div \n        class='innerblocks-slider-child wao-blocks-innerblocks-slider-child' \n        >\n        \n<div class=\"mx-auto text-center  p-4\">\n                <div  class=\"d-flex align-items-end justify-content-center\" style=\"background:url(https:\/\/www.hotelcapinerarimini.it\/wp-content\/uploads\/2022\/06\/img-garage.jpg) center center no-repeat; min-height:150px;\">\n                    <div class=\"text-center mx-auto mb--30\">\n                        <div class=\"g--bkg-dark-04 text-small g--b-c-02 border-3px mx-2\" style=\"width: 146px;\">GARAGE<br>IN HOTEL<\/div>\n                    <\/div>\n                <\/div>\n            <\/div>\n    <\/div>\n    <style>\n        @media screen and (max-width: 992px) {\n            .innerblocks-slider-child {\n                margin: auto !important;\n            }\n        }\n    <\/style>\n  \n        <\/div>\n    <\/div>\n    <\/div>\n<\/div>\n<\/section>","protected":false},"excerpt":{"rendered":"","protected":false},"author":1,"featured_media":0,"parent":0,"menu_order":0,"comment_status":"closed","ping_status":"closed","template":"","meta":{"footnotes":""},"class_list":["post-5","page","type-page","status-publish","hentry"],"_links":{"self":[{"href":"https:\/\/www.hotelcapinerarimini.it\/de\/wp-json\/wp\/v2\/pages\/5","targetHints":{"allow":["GET"]}}],"collection":[{"href":"https:\/\/www.hotelcapinerarimini.it\/de\/wp-json\/wp\/v2\/pages"}],"about":[{"href":"https:\/\/www.hotelcapinerarimini.it\/de\/wp-json\/wp\/v2\/types\/page"}],"author":[{"embeddable":true,"href":"https:\/\/www.hotelcapinerarimini.it\/de\/wp-json\/wp\/v2\/users\/1"}],"replies":[{"embeddable":true,"href":"https:\/\/www.hotelcapinerarimini.it\/de\/wp-json\/wp\/v2\/comments?post=5"}],"version-history":[{"count":203,"href":"https:\/\/www.hotelcapinerarimini.it\/de\/wp-json\/wp\/v2\/pages\/5\/revisions"}],"predecessor-version":[{"id":1607,"href":"https:\/\/www.hotelcapinerarimini.it\/de\/wp-json\/wp\/v2\/pages\/5\/revisions\/1607"}],"wp:attachment":[{"href":"https:\/\/www.hotelcapinerarimini.it\/de\/wp-json\/wp\/v2\/media?parent=5"}],"curies":[{"name":"wp","href":"https:\/\/api.w.org\/{rel}","templated":true}]}}